{"id":2,"date":"2022-10-24T13:12:33","date_gmt":"2022-10-24T11:12:33","guid":{"rendered":"http:\/\/ecociateurs.fr\/?page_id=2"},"modified":"2026-04-17T17:49:09","modified_gmt":"2026-04-17T15:49:09","slug":"page-d-exemple","status":"publish","type":"page","link":"https:\/\/ecociateurs.fr\/","title":{"rendered":"Le Cabinet de m\u00e9diation-conseils d\u00e9di\u00e9 au dialogue humains &#8211; non-humain"},"content":{"rendered":"\n<div class=\"wp-block-group alignfull has-pale-ocean-gradient-background has-background is-layout-constrained wp-block-group-is-layout-constrained\">\n<div class=\"wp-block-columns is-layout-flex wp-container-core-columns-is-layout-28f84493 wp-block-columns-is-layout-flex\">\n<div class=\"wp-block-column is-layout-flow wp-block-column-is-layout-flow\" style=\"flex-basis:100%\">\n<div class=\"wp-block-group wp-container-content-69bc4bdf is-content-justification-left is-layout-constrained wp-container-core-group-is-layout-12dd3699 wp-block-group-is-layout-constrained\">\n<p class=\"has-text-align-center has-primary-color has-text-color has-link-color wp-elements-f6c270552acd66e9f4ab4bcd69140322\"><strong>Des m\u00e9diateurs professionnels au service du dialogue vivant<\/strong><\/p>\n\n\n\n<hr class=\"wp-block-separator aligncenter has-alpha-channel-opacity\"\/>\n\n\n\n<details class=\"wp-block-details alignwide has-primary-color has-text-color has-link-color has-medium-font-size wp-elements-59e434f805c207681098f140f0a48fce is-layout-flow wp-block-details-is-layout-flow\" style=\"border-style:none;border-width:0px\"><summary><strong>Je veux comprendre<\/strong><\/summary>\n<details class=\"wp-block-details is-layout-flow wp-block-details-is-layout-flow\"><summary><em>Contexte<\/em><\/summary>\n<blockquote class=\"wp-block-quote is-layout-flow wp-block-quote-is-layout-flow\">\n<p>Sur-exploit\u00e9es, nos ressources s&#8217;\u00e9puisent et la Nature est pollu\u00e9e. Les cons\u00e9quences atteignent un niveau pr\u00e9occupant pour l&#8217;avenir de l&#8217;humanit\u00e9 sur Terre. Nous utilisons et transformons le vivant, sans conscience de nos interrelations, de nos interd\u00e9pendances, sans le respect pour ce qu&#8217;il nous apporte : une eau de source saine, des terres fertiles, des oiseaux actifs, des insectes pollinisateurs&#8230;<\/p>\n\n\n\n<p>Voici <a href=\"https:\/\/ecociateurs.fr\/index.php\/liens-utiles\/\">quelques liens<\/a> vers de la documentation officielle pour mieux comprendre cet effondrement g\u00e9n\u00e9ral, nos d\u00e9fis collectif et surtout notre vision pour faire diff\u00e9remment et devenir \u00e9cociateurs !!<\/p>\n\n\n\n<p class=\"has-text-align-center\">Pour y faire face, nous devons repenser notre lien au vivant et d\u00e9velopper de nouveaux savoir-faire. <\/p>\n\n\n\n<p class=\"has-text-align-center has-large-font-size\">Notre m\u00e9tier : vous faire entendre les besoins du vivant !<\/p>\n\n\n\n<p class=\"has-text-align-center\">L&#8217;objet et le sens de notre travail vient r\u00e9pondre \u00e0 un imp\u00e9ratif : <\/p>\n\n\n\n<figure class=\"wp-block-pullquote\"><blockquote><p>&#8220;Les \u00c9cociateurs recr\u00e9ent, restaurent, instaurent la relation entre les humains et le non-humain&#8221;<\/p><\/blockquote><\/figure>\n\n\n\n<p>Dans le cadre de l&#8217;\u00e9co-m\u00e9diation, notre regard est <strong>\u00e9co-centr\u00e9<\/strong>, c&#8217;est-\u00e0-dire conscient que les \u00eatres humains, leur milieu et les autres vivants qui les entourent sont interd\u00e9pendants ! <\/p>\n\n\n\n<p>La m\u00e9diation est la cl\u00e9 pour resserrer nos liens avec ce qui nous entoure. Par le dialogue conscient et ma\u00eetris\u00e9, la m\u00e9diation de conflit vise \u00e0 r\u00e9soudre des tensions, restaurer des liens. Par le dialogue structur\u00e9 et organis\u00e9, la m\u00e9diation de projet permet d&#8217;orchestrer nos organisations, nos territoires et s&#8217;entendre et se comprendre d\u00e8s le d\u00e9part. La m\u00e9diation environnementale se concentre sur le sujet de l&#8217;environnement, et apaise les tensions entre humains dans des situations o\u00f9 l&#8217;environnement est en question. Mais si les m\u00e9diations environnementales sont une marche n\u00e9cessaire, elles ne transforment pas nos liens avec la Nature, elles ne recr\u00e9ent pas le lien entre l&#8217;humain et le non-humain. Pour recr\u00e9er ce lien, nous avons besoin :<\/p>\n\n\n\n<ul class=\"wp-block-list\">\n<li>D&#8217;\u00e9cociateurs (m\u00e9diateurs capables de mettre en lien humains et non-humains) <a href=\"https:\/\/ecociateurs.fr\/index.php\/aller-plus-loin\/\">En savoir plus&#8230;<\/a><\/li>\n<\/ul>\n\n\n\n<ul class=\"wp-block-list\">\n<li>De Nouvelles Instances de Dialogues (NID) <a href=\"http:\/\/ecociateurs.fr\/index.php\/nindi-nouvelles-instances-de-dialogue\/\">En savoir plus&#8230;<\/a><\/li>\n<\/ul>\n<\/blockquote>\n<\/details>\n\n\n\n<details class=\"wp-block-details is-layout-flow wp-block-details-is-layout-flow\"><summary><em>Le cadre d&#8217;action<\/em><\/summary>\n<div class=\"wp-block-group alignwide has-pale-ocean-gradient-background has-background is-layout-constrained wp-block-group-is-layout-constrained\">\n<blockquote class=\"wp-block-quote is-layout-flow wp-block-quote-is-layout-flow\">\n<h2 class=\"wp-block-heading alignfull\">Repenser son projet en le reliant au vivant<\/h2>\n\n\n\n<p class=\"has-text-align-center\">Le r\u00f4le central des \u00e9cociateurs<\/p>\n\n\n\n<p>Les \u00e9cociateurs sont essentiels \u00e0 la r\u00e9ussite d\u2019un projet qui souhaite devenir \u00e9cocentr\u00e9 (int\u00e9gr\u00e9 au vivant) car ils agissent comme des m\u00e9diateurs sp\u00e9cialis\u00e9s capables de combler le foss\u00e9 entre deux mondes : celui des Humains et du non-humain. Pour nous, le non-humain int\u00e8gre l&#8217;histoire des lieux, leur g\u00e9olocalisation, les l\u00e9gendes, le vivant (min\u00e9ral, v\u00e9g\u00e9tal, animal), le patrimoine, les g\u00e9n\u00e9rations futures&#8230;<\/p>\n\n\n\n<ul class=\"wp-block-list\">\n<li><strong>Faciliter un dialogue complexe :<\/strong> Le dialogue humain-non-humain est particuli\u00e8rement complexe car il implique de d\u00e9passer les cadres de pens\u00e9e habituels et de prendre en compte la multiplicit\u00e9 des perceptions et des sensibilit\u00e9s du vivant. Les \u00e9cociateurs, en tant que \u201cm\u00e9diateurs du vivant\u201d, sont form\u00e9s pour appr\u00e9hender cette complexit\u00e9 et cr\u00e9er un espace de dialogue adapt\u00e9 : l\u2019\u00e9com\u00e9diation.<\/li>\n\n\n\n<li><strong>Cr\u00e9er un espace d\u2019\u00e9coute sensible :<\/strong> L\u2019\u00e9com\u00e9diation, orchestr\u00e9e par les \u00e9cociateurs, se distingue du dialogue territorial ou environnemental traditionnel par sa dimension d\u2019\u00e9coute profonde du vivant, de la dynamique et de la trajectoire du territoire. Il ne s\u2019agit pas de parler au nom de la nature, mais bien de se mettre \u00e0 son \u00e9coute et de l\u2019int\u00e9grer comme une source d\u2019information dynamique \u00e0 part enti\u00e8re dans la prise de d\u00e9cision.<\/li>\n\n\n\n<li><strong>Int\u00e9grer des donn\u00e9es vari\u00e9es :<\/strong> Les \u00e9cociateurs sont form\u00e9s pour recueillir, analyser et mettre en dialogue des informations provenant de sources diverses : donn\u00e9es scientifiques, observations sensibles, connaissances traditionnelles, etc. Cette capacit\u00e9 \u00e0 tisser des liens entre diff\u00e9rents types de savoir est essentielle pour appr\u00e9hender la complexit\u00e9 du vivant et prendre des d\u00e9cisions \u00e9clair\u00e9es.<\/li>\n\n\n\n<li><strong>Favoriser un changement de paradigme :<\/strong> En int\u00e9grant des informations sensibles et en pla\u00e7ant le dialogue avec le vivant au c\u0153ur du processus d\u00e9cisionnel, les \u00e9cociateurs contribuent \u00e0 un changement de paradigme dans la mani\u00e8re dont les humains se positionnent face au reste du vivant. Ils incarnent un nouveau profil d\u2019acteurs capables de faire le lien entre les mondes humain et non-humain, ouvrant ainsi la voie \u00e0 une relation plus \u00e9quilibr\u00e9e et respectueuse.<\/li>\n<\/ul>\n\n\n\n<p>En r\u00e9sum\u00e9, les \u00e9cociateurs sont des acteurs cl\u00e9s du dialogue humain-non-humain car ils poss\u00e8dent les comp\u00e9tences et la sensibilit\u00e9 n\u00e9cessaires pour cr\u00e9er un espace de dialogue authentique et favoriser une prise de d\u00e9cision int\u00e9grant la complexit\u00e9 et la richesse du vivant.<\/p>\n\n\n\n<p>Recourir aux \u00e9cociateurs positionne instantan\u00e9ment votre projet ou votre territoire dans un cadre fondamentalement soucieux de la Nature et du respect de ces cycles.<\/p>\n<\/blockquote>\n<\/div>\n\n\n\n<p>_ _ _ _ _ _<\/p>\n\n\n\n<blockquote class=\"wp-block-quote is-layout-flow wp-block-quote-is-layout-flow\">\n<p class=\"has-text-align-left\"><em>Parce que vivre ensemble n&#8217;est pas toujours facile, et que nos territoires \u00e9voluent sans cesse, savoir se mettre \u00e0 l&#8217;\u00e9coute les uns des autres et prendre des d\u00e9cisions ensemble devient une force !<\/em><\/p>\n<\/blockquote>\n\n\n\n<div class=\"wp-block-group is-vertical is-content-justification-center is-nowrap is-layout-flex wp-container-core-group-is-layout-2f0bb72e wp-block-group-is-layout-flex\">\n<div class=\"wp-block-buttons is-vertical is-nowrap is-layout-flex wp-container-core-buttons-is-layout-9a3c820f wp-block-buttons-is-layout-flex\">\n<div class=\"wp-block-button\"><a class=\"wp-block-button__link has-primary-color has-tertiary-background-color has-text-color has-background wp-element-button\" href=\"http:\/\/ecociateurs.fr\/index.php\/152-2\/\" style=\"border-radius:90px\">Besoin d&#8217;un conseil ?<\/a><\/div>\n<\/div>\n<\/div>\n\n\n\n<p><\/p>\n<\/details>\n<\/details>\n<\/div>\n<\/div>\n<\/div>\n\n\n\n<details class=\"wp-block-details has-primary-color has-text-color has-link-color wp-elements-69032fa9c9c8f2659be96dd92f641430 is-layout-flow wp-block-details-is-layout-flow\"><summary><strong>Je veux un conseil<\/strong><\/summary>\n<ul class=\"wp-block-list\">\n<li><strong>M&#8217;inscrire dans le mouvement de la Robustesse<\/strong> (les entreprises robustes \u2013 Olivier Hamant \u2013 Olivier Charbonnier)&nbsp;:\n<ul class=\"wp-block-list\">\n<li>B\u00e9n\u00e9ficier d\u2019une m\u00e9diation interne et d\u2019un travail d\u2019intelligence collective suivie, cadr\u00e9e et structur\u00e9e sur le long terme&nbsp;<\/li>\n\n\n\n<li>Garantir la robustesse de l\u2019entreprise (\u00e9coute, adaptation, am\u00e9lioration continu&nbsp;: l\u2019objectif n\u2019est plus la performance mais l\u2019adaptation, la r\u00e9silience de l\u2019entreprise de mani\u00e8re \u00e0 ce qu\u2019elle puisse faire face \u00e0 n\u2019importe quel al\u00e9a)<\/li>\n\n\n\n<li>Garantir son ad\u00e9quation avec ses valeurs environnementales<\/li>\n\n\n\n<li>&gt;&gt;<a href=\"https:\/\/docs.google.com\/forms\/d\/e\/1FAIpQLSfBXPuxJ6HMrI0-FT2rZn2tvK9P2-PknnFS--GZEWkWUDfXug\/viewform?usp=dialog\">Demandez Conseil ici<\/a>&lt;&lt;<\/li>\n<\/ul>\n<\/li>\n\n\n\n<li><strong>Int\u00e9grer les enjeux dialogue avec la Nature&nbsp;:<\/strong>\n<ul class=\"wp-block-list\">\n<li>Cr\u00e9er une voix pour la Nature :\n<ul class=\"wp-block-list\">\n<li>\u00c9valuer la meilleure option pour que mon entreprise s\u2019inscrive dans le mouvement de la voix de la Nature en \u00e9valuant quelle option serait la mieux adapt\u00e9e&nbsp;:\n<ul class=\"wp-block-list\">\n<li>La Nature comme membre du CA \n<ul class=\"wp-block-list\">\n<li>AVERTISSEMENT : Les \u00e9cociateurs consid\u00e8rent que les humains <strong>NE PEUVENT PAS parler \u00e0 la place de la Nature<\/strong>, c&#8217;est pourquoi notre d\u00e9marche est d&#8217;instaurer de <em>Nouvelles Instances de Dialogue<\/em> o\u00f9 les humains se mettent \u00e0 l&#8217;\u00e9coute du vivant, mais o\u00f9 ils ne parlent ni n&#8217;agissent en le nom ni pour le compte de la Nature. Pour les \u00e9cociateurs, chaque \u00eatre doit <strong>rester \u00e0 sa place<\/strong> et respecter et accepter ses propres limites sensibles et actives].<\/li>\n<\/ul>\n<\/li>\n\n\n\n<li>La Nature comme inspiration pour l\u2019entreprise <\/li>\n\n\n\n<li>La Nature comme conseill\u00e8re externe (ce que la Nature et la Sagesse nous disent&#8230;)<\/li>\n<\/ul>\n<\/li>\n\n\n\n<li>&gt;&gt;<a href=\"https:\/\/docs.google.com\/forms\/d\/e\/1FAIpQLSfBXPuxJ6HMrI0-FT2rZn2tvK9P2-PknnFS--GZEWkWUDfXug\/viewform?usp=dialog\">Demandez Conseil ici<\/a>&lt;&lt;<\/li>\n<\/ul>\n<\/li>\n<\/ul>\n<\/li>\n<\/ul>\n<\/details>\n\n\n\n<details class=\"wp-block-details has-primary-color has-text-color has-link-color has-medium-font-size wp-elements-b36610c2f0aa64c5ab319d609213648c is-layout-flow wp-container-core-details-is-layout-22223934 wp-block-details-is-layout-flow\"><summary><strong>Je veux me former<\/strong><\/summary>\n<div class=\"wp-block-group is-layout-constrained wp-block-group-is-layout-constrained\">\n<p class=\"has-text-align-center has-electric-grass-gradient-background has-background\">PROCHAINE FORMATION <\/p>\n\n\n\n<figure class=\"wp-block-image size-full\"><img loading=\"lazy\" decoding=\"async\" width=\"775\" height=\"550\" src=\"https:\/\/ecociateurs.fr\/wp-content\/uploads\/2026\/04\/Capture-decran-758.png\" alt=\"\" class=\"wp-image-619\" srcset=\"https:\/\/ecociateurs.fr\/wp-content\/uploads\/2026\/04\/Capture-decran-758.png 775w, https:\/\/ecociateurs.fr\/wp-content\/uploads\/2026\/04\/Capture-decran-758-300x213.png 300w, https:\/\/ecociateurs.fr\/wp-content\/uploads\/2026\/04\/Capture-decran-758-768x545.png 768w\" sizes=\"auto, (max-width: 775px) 100vw, 775px\" \/><\/figure>\n\n\n\n<details class=\"wp-block-details alignwide has-primary-color has-text-color has-link-color wp-elements-b537692ac28f325c35ce08512e058525 is-layout-flow wp-block-details-is-layout-flow\"><summary><strong>D\u00e9couverte de l&#8217;\u00e9com\u00e9diation (niveau 1 et 2)<\/strong><\/summary>\n<p>Niveau : 1 et 2 &#8211; public impliqu\u00e9<\/p>\n\n\n\n<p>Dates :  27 &#8211; 28 avril 2026 (en ligne)<\/p>\n\n\n\n<p>Dur\u00e9e : 12h<\/p>\n\n\n\n<p>Tarif : 350\u20ac<\/p>\n\n\n\n<details class=\"wp-block-details is-layout-flow wp-block-details-is-layout-flow\"><summary>Contenu<\/summary>\n<p>Niveau 1 (6h)<\/p>\n\n\n\n<p>Cette formation vous aide \u00e0 comprendre comment int\u00e9grer le non-humain dans vos instances de prises de d\u00e9cisions, qu&#8217;elles soient publiques ou priv\u00e9es.<br>Vous apprendrez, pas \u00e0 pas, \u00e0 changer de regard et \u00e0 passer d\u2019une mani\u00e8re de voir le monde centr\u00e9e sur l\u2019humain, \u00e0 une vision qui prend aussi en compte la nature, le patrimoine, les g\u00e9n\u00e9rations futures&#8230;<\/p>\n\n\n\n<p>Vous disposerez d&#8217;exemples concrets, de rep\u00e8res simples et d&#8217;outils pratiques pour vous permettre d&#8217;op\u00e9rer ce changement dans vos pratiques.<\/p>\n\n\n\n<p>Niveau 2 (6h)<\/p>\n\n\n\n<p>Vous apprendrez ensuite \u00e0 mettre en place un cadre d&#8217;\u00e9com\u00e9diation au sein de votre environnement ou de votre organisation (entreprises, territoires, \u00e9coles&#8230;). Vous saurez identifier les conditions n\u00e9cessaires \u00e0 la conduite d&#8217;une \u00e9com\u00e9diation et disposerez d&#8217;outils pour instaurer une Nouvelle Instance de Dialogue (NID) permettant un espace de dialogue s\u00e9curis\u00e9 et hors du cadre.<\/p>\n<\/details>\n<\/details>\n\n\n\n<div class=\"wp-block-buttons is-content-justification-center is-layout-flex wp-container-core-buttons-is-layout-a89b3969 wp-block-buttons-is-layout-flex\">\n<div class=\"wp-block-button\"><a class=\"wp-block-button__link has-primary-color has-pale-ocean-gradient-background has-text-color has-background has-link-color wp-element-button\" href=\"https:\/\/ecociateurs.fr\/index.php\/152-2\/\" style=\"border-top-left-radius:100px;border-top-right-radius:100px;border-bottom-left-radius:100px;border-bottom-right-radius:100px\">S&#8217;inscrire : ecociateurs@gmail.com<\/a><\/div>\n<\/div>\n<\/div>\n\n\n\n<hr class=\"wp-block-separator has-alpha-channel-opacity\"\/>\n\n\n\n<div class=\"wp-block-media-text is-stacked-on-mobile has-background\" style=\"background:linear-gradient(301deg,rgb(238,238,238) 0%,rgb(169,184,195) 100%);grid-template-columns:15% auto\"><figure class=\"wp-block-media-text__media\"><img loading=\"lazy\" decoding=\"async\" width=\"472\" height=\"305\" src=\"https:\/\/ecociateurs.fr\/wp-content\/uploads\/2025\/12\/Capture-decran-613.png\" alt=\"\" class=\"wp-image-511 size-full\" srcset=\"https:\/\/ecociateurs.fr\/wp-content\/uploads\/2025\/12\/Capture-decran-613.png 472w, https:\/\/ecociateurs.fr\/wp-content\/uploads\/2025\/12\/Capture-decran-613-300x194.png 300w\" sizes=\"auto, (max-width: 472px) 100vw, 472px\" \/><\/figure><div class=\"wp-block-media-text__content\">\n<p><a href=\"https:\/\/ecociateurs.fr\/index.php\/decouvrir-leco-mediation\/\">Formations 2026<\/a><\/p>\n<\/div><\/div>\n\n\n\n<ul class=\"wp-block-list\">\n<li>Formation &#8220;Comprendre et s&#8217;adapter aux d\u00e9fis climatiques et \u00e9cologiques&#8221;<\/li>\n\n\n\n<li>Formation &#8220;Entreprise M\u00e9diation Robuste&#8221;<\/li>\n\n\n\n<li>Formation &#8220;Donner une voix \u00e0 la Nature&#8221;<\/li>\n\n\n\n<li>Formation &#8220;Devenir \u00e9cociateurs&#8221;<\/li>\n<\/ul>\n<\/details>\n\n\n\n<details class=\"wp-block-details has-primary-color has-text-color has-link-color wp-elements-8da48639d27dbc7c72cf864b00fd6503 is-layout-flow wp-container-core-details-is-layout-22223934 wp-block-details-is-layout-flow\"><summary><strong>Je veux une m\u00e9diation<\/strong><\/summary>\n<blockquote class=\"wp-block-quote is-layout-flow wp-block-quote-is-layout-flow\">\n<p>ATTENTION : Pr\u00e9requis !<\/p>\n\n\n\n<p>La m\u00e9diation est un service <strong>ind\u00e9pendant et autonome<\/strong> qui permet de faire intervenir <strong>un tiers neutre <\/strong>au sein d&#8217;une organisation (territoire, entreprise, association&#8230;) ou d&#8217;un conflit (entre deux ou plusieurs personnes, acteurs, entit\u00e9s).<\/p>\n\n\n\n<p>La particularit\u00e9 des \u00e9cociateurs est d&#8217;int\u00e9grer, dans le dialogue, les \u00e9l\u00e9ments d&#8217;<strong>informations sensibles<\/strong>, issus du non-humain (dialogue avec la Nature, dialogue vivant&#8230;).<\/p>\n\n\n\n<p>Nous instaurons <strong>un cadre de dialogue<\/strong> <strong>original<\/strong> qui sera sp\u00e9cifique \u00e0 votre contexte et \u00e0 votre besoin.<\/p>\n\n\n\n<p>Nous mobilisons les <strong>experts rigoureusement form\u00e9s<\/strong> \u00e0 votre situation afin que votre cadre de dialogue avec le vivant pr\u00e9serve l&#8217;authenticit\u00e9 des \u00e9changes.<\/p>\n\n\n\n<p>Si vous n&#8217;avez pas le c\u0153ur \u00e0 \u00e9couter le vivant qui s&#8217;exprime dans votre projet, nous ne pourrons pas vous aider.<\/p>\n\n\n\n<p>Votre engagement sur le dialogue <strong>sinc\u00e8re<\/strong> et <strong>respectueux du vivant<\/strong> est \u00e0 la base du projet.<\/p>\n\n\n\n<p>Remplir ce questionnaire et nous solliciter <strong>vous engage<\/strong> dans cette d\u00e9marche d&#8217;<strong>\u00e9coute des besoins du vivant<\/strong>.<\/p>\n\n\n\n<p>Cliquez ici pour <a href=\"https:\/\/docs.google.com\/forms\/d\/e\/1FAIpQLSfBXPuxJ6HMrI0-FT2rZn2tvK9P2-PknnFS--GZEWkWUDfXug\/viewform?usp=dialog\">solliciter une m\u00e9diation et <\/a><a href=\"https:\/\/forms.gle\/ouHYmyAquWX3k54m6\">pr\u00e9ciser votre projet, vos besoins<\/a><\/p>\n<\/blockquote>\n<\/details>\n\n\n\n<details class=\"wp-block-details has-primary-color has-text-color has-link-color wp-elements-0a00b26db99ca121a9cb76932eeb17a8 is-layout-flow wp-block-details-is-layout-flow\"><summary><strong>Nous conna\u00eetre<\/strong><\/summary>\n<blockquote class=\"wp-block-quote is-layout-flow wp-block-quote-is-layout-flow\">\n<details class=\"wp-block-details has-primary-color has-text-color has-link-color wp-elements-ad12469649f62329b0be979ad4a5f8ec is-layout-flow wp-block-details-is-layout-flow\"><summary>Qui suis-je \/ qui sommes-nous ?<\/summary>\n<p>S\u00e9verine Carrez. Je suis docteure en droit de l&#8217;environnement et m\u00e9diatrice professionnelle depuis 2022. Je d\u00e9veloppe des outils et des m\u00e9thodes de dialogue qui permettent d&#8217;offrir un cadre de dialogue s\u00e9curisant pour tous les participants. Mon originalit\u00e9 est d&#8217;\u00eatre en mesure d&#8217;\u00e9laborer un processus de dialogue qui fasse entrer le vivant, le non-humain, la nature dans mes instances de dialogue. <\/p>\n\n\n\n<p>Je d\u00e9veloppe depuis 2019, le m\u00e9tier d&#8217;\u00e9cociateur et je forme des m\u00e9diateurs professionnels (ayant +200h de formation) \u00e0 l&#8217;int\u00e9gration du vivant dans leur m\u00e9diation. Mes travaux et mes formations sont soutenues par des institutions rigoureuses et reconnues (l&#8217;ANM, l&#8217;INNE, M21). Je ne travaille jamais seule, je suis accompagn\u00e9e d&#8217;experts, d&#8217;avocats, et de chercheurs. Mes \u00e9quipes d&#8217;\u00e9cociateurs et de m\u00e9diateurs travaillent en \u00e9quipe afin d&#8217;assurer un cadre d&#8217;\u00e9coute et de dialogue rigoureux et s\u00e9curisant. <\/p>\n\n\n\n<p>La Nature n&#8217;est pas un jeu, et notre attention est port\u00e9e sur le cadre, la juste place et la juste \u00e9coute de chacun. L&#8217;intelligence collective est au coeur de nos d\u00e9marches. Nos processus sont sur-mesure et innovants.<\/p>\n\n\n\n<p>Les \u00e9cociateurs sont des <strong>m\u00e9diateurs professionnels<\/strong> form\u00e9s au dialogue sensible, \u00e0 la r\u00e9solution des conflits et \u00e0 l\u2019accompagnement au dialogue sur le long terme, dans les organisations simples et complexes (territoires, entreprises, ONG). Ils disposent de comp\u00e9tences en ing\u00e9nierie de la m\u00e9diation, capable de penser et de cr\u00e9er des processus sur mesure, adapt\u00e9s \u00e0 la complexit\u00e9 des enjeux territoriaux et environnementaux.<\/p>\n\n\n\n<p>Les \u00e9cociateurs r\u00e9pondent \u00e0 une \u00e9thique du dialogue rigoureuse, et sont tous membres d&#8217;un r\u00e9seau international d&#8217;experts en n\u00e9gociation \u00e9cologique afin de d\u00e9velopper sans cesse de nouvelles comp\u00e9tences et d&#8217;\u00eatre en mesure de mobiliser les meilleurs savoirs, outils et connaissances disponibles au service de leurs missions. <a href=\"#en-savoir-plus-\u00e9cociateurs\" data-type=\"internal\" data-id=\"#en-savoir-plus-\u00e9cociateurs\">En savoir plus &#8230;<\/a><\/p>\n<\/details>\n\n\n\n<details class=\"wp-block-details has-primary-color has-text-color has-link-color wp-elements-7165f2e8fabd083a2d4b06ac9bcc0ce1 is-layout-flow wp-block-details-is-layout-flow\"><summary>Notre \u00e9thique et nos valeurs<\/summary>\n<p>L&#8217;\u00e9thique du dialogue humain &#8211; non-humain est mise en \u0153uvre par un processus imagin\u00e9 pour garantir le respect et l&#8217;\u00e9coute de toutes les parties prenantes. Le processus s&#8217;appuie sur des instances d&#8217;<strong>\u00e9coute des valeurs<\/strong> et d&#8217;<strong>encadrement des parties<\/strong> attentif, sensible et rigoureux. Les \u00e9cociateurs sont des m\u00e9diateurs neutres, impartiaux et autonomes qui n&#8217;ont aucun pouvoir dans le processus de prise de d\u00e9cision.<\/p>\n\n\n\n<p>Le non-humain est pris en compte dans sa complexit\u00e9 et sa subtilit\u00e9, il repose sur une pluralit\u00e9 de points de vues et des partages de savoirs et de connaissances des lieux. Les \u00e9cociateurs et l&#8217;ensemble des intervenants et experts qu&#8217;ils peuvent mobiliser sont form\u00e9s au dialogue science-sensible et travaillent en \u00e9quipe.<\/p>\n\n\n\n<p>Un principe \u00e9thique fort est que les \u00e9cociateurs <strong>ne repr\u00e9sentent pas la Nature<\/strong>, ils ne prennent pas la place, ni la voix du non-humain. Les outils et les processus mis en place par l&#8217;\u00e9quipe d&#8217;\u00e9cociateurs et d&#8217;experts permettent une prise de d\u00e9cision authentique et collective.<\/p>\n<\/details>\n<\/blockquote>\n<\/details>\n\n\n\n<details class=\"wp-block-details has-primary-color has-text-color has-link-color wp-elements-4eea5e43377c6b70b4e7e14042a5a7e3 is-layout-flow wp-block-details-is-layout-flow\"><summary><strong>Ressources et informations<\/strong><\/summary>\n<p><a href=\"https:\/\/ecociateurs.fr\/index.php\/mieux-comprendre\/\">Mieux comprendre<\/a> \/ <a href=\"https:\/\/ecociateurs.fr\/index.php\/conference-2022\/\">Conf\u00e9rence 2022<\/a> \/ <a href=\"https:\/\/ecociateurs.fr\/index.php\/partage-dexperiences\/\">Partages d&#8217;exp\u00e9riences<\/a><br><a href=\"https:\/\/ecociateurs.fr\/index.php\/recherche-et-innovation\/\">Recherches et innovations<\/a><\/p>\n<\/details>\n\n\n\n<details class=\"wp-block-details has-primary-color has-text-color has-link-color wp-elements-2c399adf13c6a1ba5e6f8b00c9e7a87a is-layout-flow wp-block-details-is-layout-flow\"><summary><strong>Nos garanties<\/strong><\/summary>\n<p>Nos travaux, nos formations et les recherches auxquelles nous contribuons sont soutenus, d\u00e9velopp\u00e9s et encadr\u00e9s par les institutions (<a href=\"https:\/\/gredeg.univ-cotedazur.fr\/\">Gredeg-CNRS<\/a>,<a href=\"https:\/\/www.anm-mediation.com\/\"> ANM<\/a>, <a href=\"http:\/\/www.negociation-ecologique.fr\">INNE<\/a>&#8230;). <\/p>\n<\/details>\n<\/div>\n\n\n\n<div class=\"wp-block-group is-layout-constrained wp-block-group-is-layout-constrained\">\n<div class=\"wp-block-group alignwide is-layout-constrained wp-block-group-is-layout-constrained\">\n<div class=\"wp-block-buttons is-content-justification-center is-layout-flex wp-container-core-buttons-is-layout-23a043ba wp-block-buttons-is-layout-flex\">\n<div class=\"wp-block-button\"><a class=\"wp-block-button__link has-foreground-color has-text-color has-background has-link-color has-text-align-center wp-element-button\" href=\"https:\/\/ecociateurs.fr\/index.php\/vos-mediatrices\/\" style=\"border-style:none;border-width:0px;border-radius:100px;background:linear-gradient(135deg,rgb(255,245,203) 0%,rgb(101,228,185) 50%,rgb(51,167,181) 100%);padding-top:var(--wp--preset--spacing--30);padding-right:var(--wp--preset--spacing--60);padding-bottom:var(--wp--preset--spacing--30);padding-left:var(--wp--preset--spacing--60)\">Prendre RDV<\/a><\/div>\n<\/div>\n<\/div>\n<\/div>\n\n\n\n<hr class=\"wp-block-separator has-alpha-channel-opacity\"\/>\n\n\n\n<div class=\"wp-block-buttons is-content-justification-center is-layout-flex wp-container-core-buttons-is-layout-a89b3969 wp-block-buttons-is-layout-flex\">\n<div class=\"wp-block-button\"><a class=\"wp-block-button__link has-vivid-cyan-blue-to-vivid-purple-gradient-background has-background wp-element-button\" href=\"https:\/\/ecociateurs.fr\/index.php\/2022\/10\/24\/bonjour-tout-le-monde\/\" style=\"border-top-left-radius:100px;border-top-right-radius:100px;border-bottom-left-radius:100px;border-bottom-right-radius:100px;padding-top:var(--wp--preset--spacing--30);padding-right:var(--wp--preset--spacing--80);padding-bottom:var(--wp--preset--spacing--30);padding-left:var(--wp--preset--spacing--80)\">Suivez mon Blog !<\/a><\/div>\n<\/div>\n\n\n\n<hr class=\"wp-block-separator has-alpha-channel-opacity\"\/>\n\n\n\n<p class=\"has-text-align-center\"><strong><a href=\"https:\/\/ecociateurs.fr\/index.php\/elections-2026\/\">\u00c9lections 2026 : Passez du conflit \u00e0 la cod\u00e9cision !<\/a><\/strong><\/p>\n\n\n\n<figure class=\"wp-block-pullquote\"><blockquote><p><strong>Ils nous ont fait confiance en 2025<\/strong><\/p><cite>&#8220;<em>une expertise forte et innovante<\/em>&#8220;<\/cite><\/blockquote><\/figure>\n\n\n\n<div class=\"wp-block-columns is-layout-flex wp-container-core-columns-is-layout-28f84493 wp-block-columns-is-layout-flex\">\n<div class=\"wp-block-column is-layout-flow wp-block-column-is-layout-flow\" style=\"flex-basis:100%\">\n<div class=\"wp-block-group is-layout-constrained wp-block-group-is-layout-constrained\">\n<div class=\"wp-block-group is-layout-constrained wp-block-group-is-layout-constrained\">\n<div class=\"wp-block-group alignfull is-layout-constrained wp-block-group-is-layout-constrained\">\n<div class=\"wp-block-columns alignfull is-layout-flex wp-container-core-columns-is-layout-28f84493 wp-block-columns-is-layout-flex\">\n<div class=\"wp-block-column is-vertically-aligned-stretch is-layout-flow wp-block-column-is-layout-flow\" style=\"padding-top:0;padding-bottom:0;flex-basis:50%\">\n<figure class=\"wp-block-image aligncenter size-full is-resized\"><img loading=\"lazy\" decoding=\"async\" width=\"330\" height=\"145\" src=\"https:\/\/ecociateurs.fr\/wp-content\/uploads\/2025\/12\/Capture-decran-608-1.png\" alt=\"\" class=\"wp-image-449\" style=\"aspect-ratio:2.275811806552144;width:87px;height:auto\" srcset=\"https:\/\/ecociateurs.fr\/wp-content\/uploads\/2025\/12\/Capture-decran-608-1.png 330w, https:\/\/ecociateurs.fr\/wp-content\/uploads\/2025\/12\/Capture-decran-608-1-300x132.png 300w\" sizes=\"auto, (max-width: 330px) 100vw, 330px\" \/><\/figure>\n\n\n\n<figure class=\"wp-block-image aligncenter size-full is-resized has-custom-border\" style=\"margin-top:var(--wp--preset--spacing--50);margin-bottom:var(--wp--preset--spacing--50)\"><img loading=\"lazy\" decoding=\"async\" width=\"317\" height=\"158\" src=\"https:\/\/ecociateurs.fr\/wp-content\/uploads\/2025\/12\/Capture-decran-605.png\" alt=\"\" class=\"wp-image-445\" style=\"border-style:none;border-width:0px;aspect-ratio:2.006269592476489;width:76px;height:auto\" srcset=\"https:\/\/ecociateurs.fr\/wp-content\/uploads\/2025\/12\/Capture-decran-605.png 317w, https:\/\/ecociateurs.fr\/wp-content\/uploads\/2025\/12\/Capture-decran-605-300x150.png 300w\" sizes=\"auto, (max-width: 317px) 100vw, 317px\" \/><\/figure>\n\n\n\n<figure class=\"wp-block-gallery aligncenter has-nested-images columns-default is-cropped wp-block-gallery-1 is-layout-flex wp-block-gallery-is-layout-flex\">\n<figure class=\"wp-block-image size-large is-resized\" style=\"margin-top:var(--wp--preset--spacing--50);margin-bottom:var(--wp--preset--spacing--50)\"><img loading=\"lazy\" decoding=\"async\" width=\"393\" height=\"159\" data-id=\"447\" src=\"https:\/\/ecociateurs.fr\/wp-content\/uploads\/2025\/12\/Capture-decran-606.png\" alt=\"\" class=\"wp-image-447\" style=\"width:154px;height:auto\" srcset=\"https:\/\/ecociateurs.fr\/wp-content\/uploads\/2025\/12\/Capture-decran-606.png 393w, https:\/\/ecociateurs.fr\/wp-content\/uploads\/2025\/12\/Capture-decran-606-300x121.png 300w\" sizes=\"auto, (max-width: 393px) 100vw, 393px\" \/><\/figure>\n\n\n\n<figure class=\"wp-block-image size-large is-resized\" style=\"margin-top:var(--wp--preset--spacing--40);margin-bottom:var(--wp--preset--spacing--40)\"><img loading=\"lazy\" decoding=\"async\" width=\"225\" height=\"135\" data-id=\"444\" src=\"https:\/\/ecociateurs.fr\/wp-content\/uploads\/2025\/12\/Capture-decran-609.png\" alt=\"\" class=\"wp-image-444\" style=\"width:118px;height:auto\"\/><\/figure>\n<\/figure>\n\n\n\n<div class=\"wp-block-group is-layout-constrained wp-block-group-is-layout-constrained\">\n<figure class=\"wp-block-image aligncenter size-full is-resized\"><img loading=\"lazy\" decoding=\"async\" width=\"161\" height=\"67\" src=\"https:\/\/ecociateurs.fr\/wp-content\/uploads\/2025\/12\/Capture-decran-602-1.png\" alt=\"\" class=\"wp-image-448\" style=\"width:101px;height:auto\"\/><\/figure>\n<\/div>\n<\/div>\n<\/div>\n<\/div>\n<\/div>\n<\/div>\n<\/div>\n<\/div>\n\n\n\n<p class=\"has-text-align-center\"><a href=\"https:\/\/ecociateurs.fr\/index.php\/espace-ecociateurs\">Votre espace personnel<\/a><\/p>\n\n\n\n<p class=\"has-text-align-center\">_ _ _ _ _ _ <\/p>\n\n\n\n<figure class=\"wp-block-image aligncenter size-full\"><img loading=\"lazy\" decoding=\"async\" width=\"442\" height=\"367\" src=\"http:\/\/ecociateurs.fr\/wp-content\/uploads\/2022\/11\/Capture-decran-2022-11-08-a-13.20.59.png\" alt=\"\" class=\"wp-image-222\" srcset=\"https:\/\/ecociateurs.fr\/wp-content\/uploads\/2022\/11\/Capture-decran-2022-11-08-a-13.20.59.png 442w, https:\/\/ecociateurs.fr\/wp-content\/uploads\/2022\/11\/Capture-decran-2022-11-08-a-13.20.59-300x249.png 300w\" sizes=\"auto, (max-width: 442px) 100vw, 442px\" \/><\/figure>\n\n\n<a class=\"wp-block-read-more\" href=\"https:\/\/ecociateurs.fr\/\" target=\"_self\">Read more<span class=\"screen-reader-text\">: Le Cabinet de m\u00e9diation-conseils d\u00e9di\u00e9 au dialogue humains &#8211; non-humain<\/span><\/a>","protected":false},"excerpt":{"rendered":"<p>Des m\u00e9diateurs professionnels au service du dialogue vivant \u00c9lections 2026 : Passez du conflit \u00e0 la cod\u00e9cision ! Ils nous ont fait confiance en 2025 &#8220;une expertise forte et innovante&#8220; Votre espace personnel _ _ _ _ _ _<\/p>\n","protected":false},"author":1,"featured_media":326,"parent":0,"menu_order":0,"comment_status":"closed","ping_status":"open","template":"","meta":{"footnotes":""},"class_list":["post-2","page","type-page","status-publish","has-post-thumbnail","hentry"],"_links":{"self":[{"href":"https:\/\/ecociateurs.fr\/index.php\/wp-json\/wp\/v2\/pages\/2","targetHints":{"allow":["GET"]}}],"collection":[{"href":"https:\/\/ecociateurs.fr\/index.php\/wp-json\/wp\/v2\/pages"}],"about":[{"href":"https:\/\/ecociateurs.fr\/index.php\/wp-json\/wp\/v2\/types\/page"}],"author":[{"embeddable":true,"href":"https:\/\/ecociateurs.fr\/index.php\/wp-json\/wp\/v2\/users\/1"}],"replies":[{"embeddable":true,"href":"https:\/\/ecociateurs.fr\/index.php\/wp-json\/wp\/v2\/comments?post=2"}],"version-history":[{"count":144,"href":"https:\/\/ecociateurs.fr\/index.php\/wp-json\/wp\/v2\/pages\/2\/revisions"}],"predecessor-version":[{"id":620,"href":"https:\/\/ecociateurs.fr\/index.php\/wp-json\/wp\/v2\/pages\/2\/revisions\/620"}],"wp:featuredmedia":[{"embeddable":true,"href":"https:\/\/ecociateurs.fr\/index.php\/wp-json\/wp\/v2\/media\/326"}],"wp:attachment":[{"href":"https:\/\/ecociateurs.fr\/index.php\/wp-json\/wp\/v2\/media?parent=2"}],"curies":[{"name":"wp","href":"https:\/\/api.w.org\/{rel}","templated":true}]}}